{"id":1106,"date":"2018-08-30T15:25:47","date_gmt":"2018-08-30T18:25:47","guid":{"rendered":"https:\/\/fasta-juj.infd.edu.ar\/sitio\/autoridades\/"},"modified":"2023-09-19T11:10:09","modified_gmt":"2023-09-19T14:10:09","slug":"autoridades","status":"publish","type":"page","link":"https:\/\/fasta-juj.infd.edu.ar\/sitio\/autoridades\/","title":{"rendered":"Autoridades"},"content":{"rendered":"<h1 style=\"text-align: center;\">AUTORIDADES<\/h1>\n<h1 style=\"text-align: center;\"><strong style=\"font-family: arial, helvetica, sans-serif; font-size: 12pt;\">Apoderado Legal<\/strong><\/h1>\n<p style=\"text-align: center;\"><span style=\"color: #000000; font-family: arial,helvetica,sans-serif; font-size: 12pt;\">Contador P\u00fablico Nacional Profesor Julio Cesar Parravicini<\/span><\/p>\n<p style=\"text-align: center;\">\n<p style=\"text-align: center;\"><span style=\"font-family: arial, helvetica, sans-serif;\"><strong><span style=\"font-size: 12pt;\">Capell\u00e1n<\/span><\/strong><\/span><br \/>\nPbro Enrique Silvano<\/p>\n<p style=\"text-align: center;\">\n<p style=\"text-align: center;\"><span style=\"color: #000000; font-family: arial,helvetica,sans-serif; font-size: 12pt;\"><strong>Rector<\/strong><\/span><\/p>\n<p style=\"text-align: center;\">Licenciado Marcelo Pedro Cardozo<\/p>\n<p style=\"text-align: center;\"><span style=\"color: #000000; font-family: arial,helvetica,sans-serif; font-size: 12pt;\">\u00a0<\/span><\/p>\n<p style=\"text-align: center;\"><span style=\"color: #000000; font-family: arial,helvetica,sans-serif; font-size: 12pt;\"><strong>Vicerrector<\/strong><\/span><\/p>\n<p style=\"text-align: center;\">Licenciada Samanta Molinari<\/p>\n<p style=\"text-align: center;\">\n<p style=\"text-align: center;\"><span style=\"color: #000000; font-family: arial,helvetica,sans-serif; font-size: 12pt;\"><strong>Secretaria Acad\u00e9mica<\/strong><\/span><\/p>\n<p style=\"text-align: center;\">Licenciada Marcela R\u00edos<\/p>\n<p style=\"text-align: center;\">\n<p style=\"text-align: center;\"><span style=\"color: #000000; font-family: arial,helvetica,sans-serif; font-size: 12pt;\"><strong>Secretaria Administrativa<\/strong><\/span><\/p>\n<p style=\"text-align: center;\">Licenciada Anal\u00eda Valdiviezo<\/p>\n<p style=\"text-align: center;\">\n<p style=\"text-align: center;\"><span style=\"color: #000000; font-family: arial,helvetica,sans-serif; font-size: 12pt;\"><strong>Coordinadora de Formaci\u00f3n Inicial<\/strong><\/span><\/p>\n<p style=\"text-align: center;\">Licenciada Viviana Maman\u00ed<\/p>\n<p style=\"text-align: center;\"><span style=\"color: #000000; font-family: arial,helvetica,sans-serif; font-size: 12pt;\"><strong>\u00a0<\/strong><\/span><\/p>\n<p style=\"text-align: center;\"><span style=\"color: #000000; font-family: arial,helvetica,sans-serif; font-size: 12pt;\"><strong>Coordinador de Capacitaci\u00f3n<\/strong><\/span><\/p>\n<p style=\"text-align: center;\"><span style=\"color: #000000; font-family: arial,helvetica,sans-serif; font-size: 12pt;\">Licenciado Carlos Maman\u00ed<\/span><\/p>\n<p style=\"text-align: center;\">\n<p style=\"text-align: center;\"><span style=\"color: #000000; font-family: arial,helvetica,sans-serif; font-size: 12pt;\"><strong>Coordinadora de Investigaci\u00f3n<\/strong><\/span><\/p>\n<p style=\"text-align: center;\"><span style=\"color: #000000; font-family: arial,helvetica,sans-serif; font-size: 12pt;\">Licenciada Sof\u00eda Sosa<strong><br \/>\n<\/strong><\/span><\/p>\n<p style=\"text-align: center;\">\n<p style=\"text-align: center;\"><strong style=\"font-size: 12pt;\">Coordinadora de Formaci\u00f3n Humanistica<\/strong><span style=\"font-size: 12pt;\">\u00a0<\/span><\/p>\n<p style=\"text-align: center;\"><span style=\"font-size: 12pt;\">Licenciado Sergio Armella<\/span><\/p>\n<p style=\"text-align: center;\">\n<p style=\"text-align: center;\"><strong><span style=\"font-size: 12pt;\">Coordinadora de Pastoral<\/span><\/strong><br \/>\n<span style=\"font-size: 12pt;\">Licenciada Valeria Garc\u00eda<\/span><\/p>\n<p style=\"text-align: center;\">\n","protected":false},"excerpt":{"rendered":"<p>AUTORIDADES Apoderado Legal Contador P\u00fablico Nacional Profesor Julio Cesar Parravicini Capell\u00e1n Pbro Enrique Silvano Rector Licenciado Marcelo Pedro Cardozo \u00a0 Vicerrector Licenciada Samanta Molinari Secretaria Acad\u00e9mica Licenciada Marcela R\u00edos Secretaria Administrativa Licenciada Anal\u00eda Valdiviezo Coordinadora de Formaci\u00f3n Inicial Licenciada Viviana Maman\u00ed \u00a0 Coordinador de Capacitaci\u00f3n Licenciado Carlos Maman\u00ed Coordinadora de Investigaci\u00f3n Licenciada Sof\u00eda Sosa Coordinadora &#8230; <a title=\"Autoridades\" class=\"read-more\" href=\"https:\/\/fasta-juj.infd.edu.ar\/sitio\/autoridades\/\" aria-label=\"More on Autoridades\">[+]<\/a><\/p>\n","protected":false},"author":55,"featured_media":0,"parent":0,"menu_order":0,"comment_status":"closed","ping_status":"closed","template":"","meta":[],"acf":[],"_links":{"self":[{"href":"https:\/\/fasta-juj.infd.edu.ar\/sitio\/wp-json\/wp\/v2\/pages\/1106"}],"collection":[{"href":"https:\/\/fasta-juj.infd.edu.ar\/sitio\/wp-json\/wp\/v2\/pages"}],"about":[{"href":"https:\/\/fasta-juj.infd.edu.ar\/sitio\/wp-json\/wp\/v2\/types\/page"}],"author":[{"embeddable":true,"href":"https:\/\/fasta-juj.infd.edu.ar\/sitio\/wp-json\/wp\/v2\/users\/55"}],"replies":[{"embeddable":true,"href":"https:\/\/fasta-juj.infd.edu.ar\/sitio\/wp-json\/wp\/v2\/comments?post=1106"}],"version-history":[{"count":4,"href":"https:\/\/fasta-juj.infd.edu.ar\/sitio\/wp-json\/wp\/v2\/pages\/1106\/revisions"}],"predecessor-version":[{"id":2908,"href":"https:\/\/fasta-juj.infd.edu.ar\/sitio\/wp-json\/wp\/v2\/pages\/1106\/revisions\/2908"}],"wp:attachment":[{"href":"https:\/\/fasta-juj.infd.edu.ar\/sitio\/wp-json\/wp\/v2\/media?parent=1106"}],"curies":[{"name":"wp","href":"https:\/\/api.w.org\/{rel}","templated":true}]}}